{"id":16061,"date":"2019-01-31T00:19:53","date_gmt":"2019-01-31T00:19:53","guid":{"rendered":"https:\/\/nationalpardon.org\/?page_id=16061"},"modified":"2019-01-31T00:19:53","modified_gmt":"2019-01-31T00:19:53","slug":"larriere-de-travail","status":"publish","type":"page","link":"https:\/\/staging.nationalpardon.org\/?page_id=16061","title":{"rendered":"L\u2019arri\u00e9r\u00e9 de travail \u2013 Les Pardons"},"content":{"rendered":"<p>[vc_section][vc_row][vc_column][vc_row_inner][vc_column_inner width=&#8221;1\/2&#8243; offset=&#8221;vc_hidden-lg vc_hidden-md&#8221;][vc_btn title=&#8221;TOUCHEZ POUR APPELER&#8221; style=&#8221;custom&#8221; custom_background=&#8221;#223f83&#8243; custom_text=&#8221;#ffffff&#8221; align=&#8221;center&#8221; i_icon_fontawesome=&#8221;fa fa-phone&#8221; button_block=&#8221;true&#8221; add_icon=&#8221;true&#8221; link=&#8221;url:tel%3A18662422411|||&#8221; css=&#8221;.vc_custom_1550113634327{margin-right: 25px !important;margin-left: 25px !important;}&#8221;][\/vc_column_inner][vc_column_inner width=&#8221;1\/2&#8243; offset=&#8221;vc_hidden-lg vc_hidden-md&#8221;][vc_btn title=&#8221;Demande en ligne&#8221; style=&#8221;custom&#8221; custom_background=&#8221;#cd001b&#8221; custom_text=&#8221;#ffffff&#8221; align=&#8221;center&#8221; i_icon_fontawesome=&#8221;fa fa-wpforms&#8221; button_block=&#8221;true&#8221; add_icon=&#8221;true&#8221; link=&#8221;url:%2Fdemande-en-ligne-pg-1%2F%3Flang%3Dfr|||&#8221; css=&#8221;.vc_custom_1550522928034{margin-right: 25px !important;margin-left: 25px !important;}&#8221;][\/vc_column_inner][\/vc_row_inner][\/vc_column][\/vc_row][\/vc_section][vc_row row_container=&#8221;true&#8221;][vc_column][vc_custom_heading text=&#8221;L\u2019arri\u00e9r\u00e9 de travail pour les demandes de Pardon au Canada&#8221; font_container=&#8221;tag:h1|font_size:28px|text_align:left|line_height:36px&#8221; use_theme_fonts=&#8221;yes&#8221; custom_style=&#8221;letter-spacing: -0.075em;&#8221;][vc_column_text]<strong>Mise \u00e0 jour\u00a0:\u00a0<\/strong>Si vous d\u00e9sirez de l\u2019information concernant votre demande de pardon qui est toujours en attente de traitement \u00e0 la Commission des Lib\u00e9rations Conditionnelle, vous pouvez v\u00e9rifier le statut de l\u2019arri\u00e9r\u00e9 de travail pour les demandes de pardon en suivant le lien ci-dessous\u00a0:<\/p>\n<p><a href=\"http:\/\/pbc-clcc.gc.ca\/prdons\/backlog-fra.shtml\">http:\/\/pbc-clcc.gc.ca\/prdons\/backlog-fra.shtml<\/a><\/p>\n<p>Veuillez noter que jusqu\u2019\u00e0 pr\u00e9sent, il n\u2019y a pas de changement d\u2019\u00e9tat pour les personnes ayant soumis une demande de Pardon pour un casier judiciaire contenant une infraction jug\u00e9e par voie de mise en accusation. La Commission des Lib\u00e9rations Conditionnelles esp\u00e8re avoir trait\u00e9 tous les dossiers sommaires d\u2019ici la fin du mois de Mars 2015. Cependant, il n\u2019y a aucune indication de ce qu\u2019il se passera avec les demandes jug\u00e9es par voie de mise en accusation.[\/vc_column_text][\/vc_column][\/vc_row][vc_row row_container=&#8221;true&#8221;][vc_column][vc_custom_heading text=&#8221;Historique \u2013 Comment s\u2019est produit cette arri\u00e9r\u00e9?&#8221; font_container=&#8221;tag:h2|font_size:20px|text_align:left|line_height:24px&#8221; use_theme_fonts=&#8221;yes&#8221; custom_style=&#8221;letter-spacing: -0.075em;&#8221;][vc_column_text]L\u2019arri\u00e9r\u00e9 de travail sur les Pardons est le r\u00e9sultat de l\u2019approche plus s\u00e9v\u00e8re du gouvernement Conservateur contre la criminalit\u00e9, plus pr\u00e9cis\u00e9ment le projet de loi C-23, qui a \u00e9t\u00e9 adopt\u00e9 dans le cadre du projet de loi omnibus sur la criminalit\u00e9 C-10.<\/p>\n<p>Apr\u00e8s des ann\u00e9es de d\u00e9bats \u00e0 propos de ce projet de loi dans la communaut\u00e9 de justice criminelle au Canada \u2013 le Centre de Pardon National inclus \u2013 le projet de loi a fini par \u00eatre adopt\u00e9. Cette nouvelle l\u00e9gislation est entr\u00e9e en vigueur au d\u00e9but de l\u2019ann\u00e9e 2012.<\/p>\n<p>Les candidats pour les demandes de Pardon qui avaient d\u00e9j\u00e0 soumis leur demande \u2013 compl\u00e8te et correcte \u2013 \u00e0 la Commission des Lib\u00e9rations Conditionnelles, sont pass\u00e9s sous l\u2019ancienne loi. Cependant, plusieurs ann\u00e9es sont pass\u00e9es et des milliers de personnes attendent toujours que leur casier judiciaire soit scell\u00e9.<\/p>\n<p>S\u2019il se trouve que vous faites partie de ces personnes, vous \u00eates s\u00fbrement au courant de combien cette situation est p\u00e9nible. Si vous \u00eates un de nos clients, nous tenons \u00e0 vous assurer que malheureusement nous n\u2019avons aucun contr\u00f4le sur ce probl\u00e8me. Si nous le pouvions, nous l\u2019aurions d\u00e9j\u00e0 r\u00e9solu.<\/p>\n<p>Si vous ne l\u2019avez pas d\u00e9j\u00e0 fait, il pourrait \u00eatre utile d\u2019appeler la Commission des Lib\u00e9rations Conditionnelles pour vous renseigner sur l\u2019\u00e9tat de votre dossier. Cela n\u2019acc\u00e9l\u00e9rera pas les proc\u00e9dures, mais au moins vous aurez une id\u00e9e de l\u2019\u00e9tape \u00e0 laquelle votre dossier est rendu.<\/p>\n<p>La seule solution offerte par la Commission des Lib\u00e9rations Conditionnelles jusqu\u2019\u00e0 pr\u00e9sent est de retirer sa demande de pardon actuellement en attente de traitement \u2013 en renon\u00e7ant tout l\u2019argent et le temps d\u00e9j\u00e0 d\u00e9pens\u00e9s \u2013 afin de resoumettre la demande sous les nouvelles lois.<\/p>\n<p>Si vous d\u00e9cidez de faire ceci, vous soumettrez techniquement une demande de suspension de casier, au lieu d\u2019une demande de pardon. Cependant, le r\u00e9sultat final sera le m\u00eame. Votre casier judiciaire sera scell\u00e9 et gard\u00e9 \u00e0 part des casiers judiciaires actifs.<\/p>\n<p>Ici au Centre du Pardon National, nous l\u2019appelons toujours un pardon parce qu\u2019il s\u2019agit essentiellement de la m\u00eame chose.<\/p>\n<p><strong>Pour plus d\u2019informations sur l\u2019arri\u00e9r\u00e9 de travail:<\/strong><\/p>\n<p><a href=\"http:\/\/www.droit-inc.com\/article6152-Demande-de-pardon-des-frais-injustifies\">http:\/\/www.droit-inc.com\/article6152-Demande-de-pardon-des-frais-injustifies<\/a><\/p>\n<p><a href=\"http:\/\/www.laction.com\/Opinion\/Tribune-libre\/2012-08-17\/article-3054711\/Repercussions-et-injustices-du-projet-de-Loi-C-10\/1\">http:\/\/www.laction.com\/Opinion\/Tribune-libre\/2012-08-17\/article-3054711\/Repercussions-et-injustices-du-projet-de-Loi-C-10\/1<\/a><\/p>\n<p><strong>Reportage par La Presse<\/strong><\/p>\n<p><a href=\"http:\/\/www.lapresse.ca\/le-droit\/politique\/federale\/201410\/01\/01-4805270-des-demandeurs-de-pardon-devront-attendre-plus-longtemps.php\">http:\/\/www.lapresse.ca\/le-droit\/politique\/federale\/201410\/01\/01-4805270-des-demandeurs-de-pardon-devront-attendre-plus-longtemps.php<\/a><\/p>\n<p><a href=\"http:\/\/www.lapresse.ca\/actualites\/national\/201303\/10\/01-4629554-embauche-de-personnel-pour-traiter-les-vieilles-demandes-de-pardons.php\">http:\/\/www.lapresse.ca\/actualites\/national\/201303\/10\/01-4629554-embauche-de-personnel-pour-traiter-les-vieilles-demandes-de-pardons.php<\/a><\/p>\n<p><a href=\"http:\/\/www.lapresse.ca\/le-soleil\/actualites\/justice-et-faits-divers\/201311\/08\/01-4708826-des-retards-pour-avoir-droit-au-pardon.php\">http:\/\/www.lapresse.ca\/le-soleil\/actualites\/justice-et-faits-divers\/201311\/08\/01-4708826-des-retards-pour-avoir-droit-au-pardon.php<\/a><\/p>\n<p><a href=\"http:\/\/quebec.huffingtonpost.ca\/2012\/03\/12\/vote-communes-c-10-justice-criminelle_n_1339190.html\">http:\/\/quebec.huffingtonpost.ca\/2012\/03\/12\/vote-communes-c-10-justice-criminelle_n_1339190.html<\/a><\/p>\n<p><strong>Journal de Montr\u00e9al<\/strong><\/p>\n<p><a href=\"http:\/\/www.journaldemontreal.com\/2014\/12\/21\/des-demandeurs-de-pardon-exasperes\">http:\/\/www.journaldemontreal.com\/2014\/12\/21\/des-demandeurs-de-pardon-exasperes<\/a><\/p>\n<p><a href=\"http:\/\/www.journaldemontreal.com\/2014\/12\/23\/le-ministre-blaney-na-pas-lintention-dintervenir\">http:\/\/www.journaldemontreal.com\/2014\/12\/23\/le-ministre-blaney-na-pas-lintention-dintervenir<\/a><\/p>\n<p><strong>\u00c9ditorial dans le Toronto Star, par Michael Ashby, Directeur, Centre du Pardon National (Anglais)<\/strong><\/p>\n<p><a href=\"http:\/\/www.thestar.com\/opinion\/editorialopinion\/2013\/02\/03\/ottawas_anticrime_agenda_hurts_canadians_looking_for_a_new_start.html\">http:\/\/www.thestar.com\/opinion\/editorialopinion\/2013\/02\/03\/ottawas_anticrime_agenda_hurts_canadians_looking_for_a_new_start.html<\/a><\/p>\n<p><strong>\u00c9ditorial dans IPolitics, par Michael Ashby, Directeur, Centre du Pardon National (Anglais)<\/strong><\/p>\n<p><a href=\"http:\/\/www.ipolitics.ca\/2014\/10\/10\/the-pardon-backlog-justice-delayed-and-denied\/CBC\">http:\/\/www.ipolitics.ca\/2014\/10\/10\/the-pardon-backlog-justice-delayed-and-denied\/CBC<\/a>[\/vc_column_text][\/vc_column][\/vc_row][vc_section css=&#8221;.vc_custom_1544536879138{padding-bottom: 30px !important;background-color: #cd001b !important;}&#8221;][vc_row row_container=&#8221;true&#8221; css=&#8221;.vc_custom_1544536648507{background-color: #cd001b !important;}&#8221;][vc_column width=&#8221;2\/3&#8243;][vc_column_text]<\/p>\n<p style=\"font-size: x-large; text-align: left;\"><span style=\"color: #ffffff;\"><strong>Veuillez nous contacter : <\/strong><span style=\"text-decoration: underline;\"><strong><a style=\"color: #ffffff; text-decoration: underline;\" href=\"tel:18662422411\">1-866-242-2411<\/a><\/strong><\/span><strong> de 8h30 \u00e0 17hres, du lundi au vendredi.<\/strong><\/span><\/p>\n<p>[\/vc_column_text][\/vc_column][vc_column width=&#8221;1\/3&#8243;][vc_btn title=&#8221;CONSULTATION&#8221; style=&#8221;custom&#8221; custom_background=&#8221;#1e3c82&#8243; custom_text=&#8221;#ffffff&#8221; shape=&#8221;round&#8221; css=&#8221;.vc_custom_1549786253998{padding-right: 50px !important;padding-left: 50px !important;}&#8221; link=&#8221;url:%2Fconsultations-sans-frais-2%2F%3Flang%3Dfr|||&#8221;][\/vc_column][\/vc_row][\/vc_section]<\/p>\n","protected":false},"excerpt":{"rendered":"<p>[vc_section][vc_row][vc_column][vc_row_inner][vc_column_inner width=&#8221;1\/2&#8243; offset=&#8221;vc_hidden-lg vc_hidden-md&#8221;][vc_btn title=&#8221;TOUCHEZ POUR APPELER&#8221; style=&#8221;custom&#8221; custom_background=&#8221;#223f83&#8243; custom_text=&#8221;#ffffff&#8221; align=&#8221;center&#8221; i_icon_fontawesome=&#8221;fa fa-phone&#8221; button_block=&#8221;true&#8221; add_icon=&#8221;true&#8221; link=&#8221;url:tel%3A18662422411|||&#8221; css=&#8221;.vc_custom_1550113634327{margin-right: 25px !important;margin-left: 25px !important;}&#8221;][\/vc_column_inner][vc_column_inner width=&#8221;1\/2&#8243; offset=&#8221;vc_hidden-lg vc_hidden-md&#8221;][vc_btn title=&#8221;Demande en ligne&#8221; style=&#8221;custom&#8221; custom_background=&#8221;#cd001b&#8221; custom_text=&#8221;#ffffff&#8221; align=&#8221;center&#8221; i_icon_fontawesome=&#8221;fa fa-wpforms&#8221; button_block=&#8221;true&#8221; add_icon=&#8221;true&#8221; link=&#8221;url:%2Fdemande-en-ligne-pg-1%2F%3Flang%3Dfr|||&#8221; css=&#8221;.vc_custom_1550522928034{margin-right: 25px !important;margin-left: 25px !important;}&#8221;][\/vc_column_inner][\/vc_row_inner][\/vc_column][\/vc_row][\/vc_section][vc_row row_container=&#8221;true&#8221;][vc_column][vc_custom_heading text=&#8221;L\u2019arri\u00e9r\u00e9 de travail pour les demandes de Pardon au Canada&#8221; font_container=&#8221;tag:h1|font_size:28px|text_align:left|line_height:36px&#8221; use_theme_fonts=&#8221;yes&#8221; custom_style=&#8221;letter-spacing: [&hellip;]<\/p>\n","protected":false},"author":2,"featured_media":0,"parent":0,"menu_order":0,"comment_status":"closed","ping_status":"closed","template":"","meta":{"footnotes":""},"class_list":["post-16061","page","type-page","status-publish","hentry"],"yoast_head":"<!-- This site is optimized with the Yoast SEO plugin v27.4 - https:\/\/yoast.com\/product\/yoast-seo-wordpress\/ -->\n<title>L\u2019arri\u00e9r\u00e9 de travail pour les demandes de Pardon au Canada<\/title>\n<meta name=\"robots\" content=\"noindex, follow, max-snippet:-1, max-image-preview:large, max-video-preview:-1\" \/>\n<meta property=\"og:locale\" content=\"en_US\" \/>\n<meta property=\"og:type\" content=\"article\" \/>\n<meta property=\"og:title\" content=\"L\u2019arri\u00e9r\u00e9 de travail pour les demandes de Pardon au Canada\" \/>\n<meta property=\"og:description\" content=\"[vc_section][vc_row][vc_column][vc_row_inner][vc_column_inner width=&#8221;1\/2&#8243; offset=&#8221;vc_hidden-lg vc_hidden-md&#8221;][vc_btn title=&#8221;TOUCHEZ POUR APPELER&#8221; style=&#8221;custom&#8221; custom_background=&#8221;#223f83&#8243; custom_text=&#8221;#ffffff&#8221; align=&#8221;center&#8221; i_icon_fontawesome=&#8221;fa fa-phone&#8221; button_block=&#8221;true&#8221; add_icon=&#8221;true&#8221; link=&#8221;url:tel%3A18662422411|||&#8221; css=&#8221;.vc_custom_1550113634327{margin-right: 25px !important;margin-left: 25px !important;}&#8221;][\/vc_column_inner][vc_column_inner width=&#8221;1\/2&#8243; offset=&#8221;vc_hidden-lg vc_hidden-md&#8221;][vc_btn title=&#8221;Demande en ligne&#8221; style=&#8221;custom&#8221; custom_background=&#8221;#cd001b&#8221; custom_text=&#8221;#ffffff&#8221; align=&#8221;center&#8221; i_icon_fontawesome=&#8221;fa fa-wpforms&#8221; button_block=&#8221;true&#8221; add_icon=&#8221;true&#8221; link=&#8221;url:%2Fdemande-en-ligne-pg-1%2F%3Flang%3Dfr|||&#8221; css=&#8221;.vc_custom_1550522928034{margin-right: 25px !important;margin-left: 25px !important;}&#8221;][\/vc_column_inner][\/vc_row_inner][\/vc_column][\/vc_row][\/vc_section][vc_row row_container=&#8221;true&#8221;][vc_column][vc_custom_heading text=&#8221;L\u2019arri\u00e9r\u00e9 de travail pour les demandes de Pardon au Canada&#8221; font_container=&#8221;tag:h1|font_size:28px|text_align:left|line_height:36px&#8221; use_theme_fonts=&#8221;yes&#8221; custom_style=&#8221;letter-spacing: [&hellip;]\" \/>\n<meta property=\"og:url\" content=\"https:\/\/staging.nationalpardon.org\/?page_id=16061\" \/>\n<meta property=\"og:site_name\" content=\"staging.nationalpardon.org\" \/>\n<meta name=\"twitter:card\" content=\"summary_large_image\" \/>\n<meta name=\"twitter:label1\" content=\"Est. reading time\" \/>\n\t<meta name=\"twitter:data1\" content=\"5 minutes\" \/>\n<script type=\"application\/ld+json\" class=\"yoast-schema-graph\">{\"@context\":\"https:\\\/\\\/schema.org\",\"@graph\":[{\"@type\":\"WebPage\",\"@id\":\"https:\\\/\\\/staging.nationalpardon.org\\\/?page_id=16061\",\"url\":\"https:\\\/\\\/staging.nationalpardon.org\\\/?page_id=16061\",\"name\":\"L\u2019arri\u00e9r\u00e9 de travail pour les demandes de Pardon au Canada\",\"isPartOf\":{\"@id\":\"https:\\\/\\\/staging.nationalpardon.org\\\/#website\"},\"datePublished\":\"2019-01-31T00:19:53+00:00\",\"breadcrumb\":{\"@id\":\"https:\\\/\\\/staging.nationalpardon.org\\\/?page_id=16061#breadcrumb\"},\"inLanguage\":\"en-CA\",\"potentialAction\":[{\"@type\":\"ReadAction\",\"target\":[\"https:\\\/\\\/staging.nationalpardon.org\\\/?page_id=16061\"]}]},{\"@type\":\"BreadcrumbList\",\"@id\":\"https:\\\/\\\/staging.nationalpardon.org\\\/?page_id=16061#breadcrumb\",\"itemListElement\":[{\"@type\":\"ListItem\",\"position\":1,\"name\":\"Home\",\"item\":\"https:\\\/\\\/staging.nationalpardon.org\\\/\"},{\"@type\":\"ListItem\",\"position\":2,\"name\":\"L\u2019arri\u00e9r\u00e9 de travail \u2013 Les Pardons\"}]},{\"@type\":\"WebSite\",\"@id\":\"https:\\\/\\\/staging.nationalpardon.org\\\/#website\",\"url\":\"https:\\\/\\\/staging.nationalpardon.org\\\/\",\"name\":\"staging.nationalpardon.org\",\"description\":\"\",\"potentialAction\":[{\"@type\":\"SearchAction\",\"target\":{\"@type\":\"EntryPoint\",\"urlTemplate\":\"https:\\\/\\\/staging.nationalpardon.org\\\/?s={search_term_string}\"},\"query-input\":{\"@type\":\"PropertyValueSpecification\",\"valueRequired\":true,\"valueName\":\"search_term_string\"}}],\"inLanguage\":\"en-CA\"}]}<\/script>\n<!-- \/ Yoast SEO plugin. -->","yoast_head_json":{"title":"L\u2019arri\u00e9r\u00e9 de travail pour les demandes de Pardon au Canada","robots":{"index":"noindex","follow":"follow","max-snippet":"max-snippet:-1","max-image-preview":"max-image-preview:large","max-video-preview":"max-video-preview:-1"},"og_locale":"en_US","og_type":"article","og_title":"L\u2019arri\u00e9r\u00e9 de travail pour les demandes de Pardon au Canada","og_description":"[vc_section][vc_row][vc_column][vc_row_inner][vc_column_inner width=&#8221;1\/2&#8243; offset=&#8221;vc_hidden-lg vc_hidden-md&#8221;][vc_btn title=&#8221;TOUCHEZ POUR APPELER&#8221; style=&#8221;custom&#8221; custom_background=&#8221;#223f83&#8243; custom_text=&#8221;#ffffff&#8221; align=&#8221;center&#8221; i_icon_fontawesome=&#8221;fa fa-phone&#8221; button_block=&#8221;true&#8221; add_icon=&#8221;true&#8221; link=&#8221;url:tel%3A18662422411|||&#8221; css=&#8221;.vc_custom_1550113634327{margin-right: 25px !important;margin-left: 25px !important;}&#8221;][\/vc_column_inner][vc_column_inner width=&#8221;1\/2&#8243; offset=&#8221;vc_hidden-lg vc_hidden-md&#8221;][vc_btn title=&#8221;Demande en ligne&#8221; style=&#8221;custom&#8221; custom_background=&#8221;#cd001b&#8221; custom_text=&#8221;#ffffff&#8221; align=&#8221;center&#8221; i_icon_fontawesome=&#8221;fa fa-wpforms&#8221; button_block=&#8221;true&#8221; add_icon=&#8221;true&#8221; link=&#8221;url:%2Fdemande-en-ligne-pg-1%2F%3Flang%3Dfr|||&#8221; css=&#8221;.vc_custom_1550522928034{margin-right: 25px !important;margin-left: 25px !important;}&#8221;][\/vc_column_inner][\/vc_row_inner][\/vc_column][\/vc_row][\/vc_section][vc_row row_container=&#8221;true&#8221;][vc_column][vc_custom_heading text=&#8221;L\u2019arri\u00e9r\u00e9 de travail pour les demandes de Pardon au Canada&#8221; font_container=&#8221;tag:h1|font_size:28px|text_align:left|line_height:36px&#8221; use_theme_fonts=&#8221;yes&#8221; custom_style=&#8221;letter-spacing: [&hellip;]","og_url":"https:\/\/staging.nationalpardon.org\/?page_id=16061","og_site_name":"staging.nationalpardon.org","twitter_card":"summary_large_image","twitter_misc":{"Est. reading time":"5 minutes"},"schema":{"@context":"https:\/\/schema.org","@graph":[{"@type":"WebPage","@id":"https:\/\/staging.nationalpardon.org\/?page_id=16061","url":"https:\/\/staging.nationalpardon.org\/?page_id=16061","name":"L\u2019arri\u00e9r\u00e9 de travail pour les demandes de Pardon au Canada","isPartOf":{"@id":"https:\/\/staging.nationalpardon.org\/#website"},"datePublished":"2019-01-31T00:19:53+00:00","breadcrumb":{"@id":"https:\/\/staging.nationalpardon.org\/?page_id=16061#breadcrumb"},"inLanguage":"en-CA","potentialAction":[{"@type":"ReadAction","target":["https:\/\/staging.nationalpardon.org\/?page_id=16061"]}]},{"@type":"BreadcrumbList","@id":"https:\/\/staging.nationalpardon.org\/?page_id=16061#breadcrumb","itemListElement":[{"@type":"ListItem","position":1,"name":"Home","item":"https:\/\/staging.nationalpardon.org\/"},{"@type":"ListItem","position":2,"name":"L\u2019arri\u00e9r\u00e9 de travail \u2013 Les Pardons"}]},{"@type":"WebSite","@id":"https:\/\/staging.nationalpardon.org\/#website","url":"https:\/\/staging.nationalpardon.org\/","name":"staging.nationalpardon.org","description":"","potentialAction":[{"@type":"SearchAction","target":{"@type":"EntryPoint","urlTemplate":"https:\/\/staging.nationalpardon.org\/?s={search_term_string}"},"query-input":{"@type":"PropertyValueSpecification","valueRequired":true,"valueName":"search_term_string"}}],"inLanguage":"en-CA"}]}},"_links":{"self":[{"href":"https:\/\/staging.nationalpardon.org\/index.php?rest_route=\/wp\/v2\/pages\/16061","targetHints":{"allow":["GET"]}}],"collection":[{"href":"https:\/\/staging.nationalpardon.org\/index.php?rest_route=\/wp\/v2\/pages"}],"about":[{"href":"https:\/\/staging.nationalpardon.org\/index.php?rest_route=\/wp\/v2\/types\/page"}],"author":[{"embeddable":true,"href":"https:\/\/staging.nationalpardon.org\/index.php?rest_route=\/wp\/v2\/users\/2"}],"replies":[{"embeddable":true,"href":"https:\/\/staging.nationalpardon.org\/index.php?rest_route=%2Fwp%2Fv2%2Fcomments&post=16061"}],"version-history":[{"count":0,"href":"https:\/\/staging.nationalpardon.org\/index.php?rest_route=\/wp\/v2\/pages\/16061\/revisions"}],"wp:attachment":[{"href":"https:\/\/staging.nationalpardon.org\/index.php?rest_route=%2Fwp%2Fv2%2Fmedia&parent=16061"}],"curies":[{"name":"wp","href":"https:\/\/api.w.org\/{rel}","templated":true}]}}